{"id":3,"date":"2024-04-24T13:18:53","date_gmt":"2024-04-24T13:18:53","guid":{"rendered":"https:\/\/staging.trax.services\/?page_id=3"},"modified":"2024-07-01T16:16:29","modified_gmt":"2024-07-01T16:16:29","slug":"privacy-policy","status":"publish","type":"page","link":"https:\/\/trax.services\/pt\/privacy-policy\/","title":{"rendered":"pol\u00edtica de Privacidade"},"content":{"rendered":"<div data-elementor-type=\"wp-page\" data-elementor-id=\"3\" class=\"elementor elementor-3\">\n\t\t\t\t\t\t<section class=\"elementor-section elementor-top-section elementor-element elementor-element-3f2a85f6 elementor-section-boxed elementor-section-height-default elementor-section-height-default\" data-id=\"3f2a85f6\" data-element_type=\"section\">\n\t\t\t\t\t\t<div class=\"elementor-container elementor-column-gap-default\">\n\t\t\t\t\t<div class=\"elementor-column elementor-col-100 elementor-top-column elementor-element elementor-element-4dd82f8b\" data-id=\"4dd82f8b\" data-element_type=\"column\">\n\t\t\t<div class=\"elementor-widget-wrap elementor-element-populated\">\n\t\t\t\t\t\t<div class=\"elementor-element elementor-element-5ed8f6a5 elementor-widget elementor-widget-text-editor\" data-id=\"5ed8f6a5\" data-element_type=\"widget\" data-widget_type=\"text-editor.default\">\n\t\t\t\t<div class=\"elementor-widget-container\">\n\t\t\t\t\t\t\t<!-- wp:heading --><!-- \/wp:heading --><!-- wp:paragraph -->\n<p>Esta Pol\u00edtica de Privacidade estabelece o compromisso da Trax com os seus clientes ou visitantes quanto \u00e0 prote\u00e7\u00e3o de dados pessoais, informando o tratamento que realiza com os seus dados, assim como os direitos que lhes reconhece enquanto titulares dos dados, no cumprimento do Regulamento (UE) 2016\/679 (Regulamento Geral sobre a Prote\u00e7\u00e3o de Dados \u2013 RGPD) e da legisla\u00e7\u00e3o de prote\u00e7\u00e3o de dados aplic\u00e1vel.<\/p>\n<p>A Pol\u00edtica de Privacidade aplica-se exclusivamente ao tratamento de dados pessoais efetuados pela Trax no contexto das finalidades aqui previstas, nas quais se considera dado pessoal a informac\u0327a\u0303o relativa a uma pessoa singular, de qualquer natureza e independente do respetivo suporte, que identifique ou permita identificar essa pessoa.<br \/>A utiliza\u00e7\u00e3o deste site implica a aceita\u00e7\u00e3o desta Pol\u00edtica de Privacidade.<\/p>\n<!-- \/wp:paragraph --><!-- wp:heading -->\n<h2 class=\"wp-block-heading\">1. Respons\u00e1vel pelo tratamento dos dados pessoais<\/h2>\n<!-- \/wp:heading --><!-- wp:paragraph -->\n<p>Trax Shuttle Services e\u0301 a entidade responsa\u0301vel pelo tratamento dos dados pessoais dos seus clientes ou visitantes deste site. Para quaisquer relativas aos seus dados pessoais, pode contatar-nos pelos seguintes meios:<br \/>Azinhaga da Aroeira, 1 Tr\u00e1s Das Eiras<br \/>Moledo<br \/>2530-917<br \/>Telefone: +351 914 316 519<br \/>E-mail: carlos@traxtransportes.pt<\/p>\n<!-- \/wp:paragraph --><!-- wp:heading -->\n<h2 class=\"wp-block-heading\">2. Forma de recolha dos dados pessoais<\/h2>\n<p>Os seus dados pessoais s\u00e3o recolhidos atrav\u00e9s de formul\u00e1rios neste site, sejam de contato, de registo ou de compra, cujo preenchimento \u00e9 volunt\u00e1rio.<\/p>\n<h2 class=\"wp-block-heading\">3. Dados pessoais recolhidos<\/h2>\n<p>A Trax Shuttle Services pode recolher v\u00e1rios dados pessoais consoante a finalidade, tais como nome, email, telefone e morada para envio de produtos ou presta\u00e7\u00e3o de servi\u00e7os, e o n\u00famero de identifica\u00e7\u00e3o fiscal para a emiss\u00e3o de faturas.<\/p>\n<p>Este site utiliza tamb\u00e9m cookies, descritos em detalhe mais abaixo.<\/p>\n<h2 class=\"wp-block-heading\">4. Finalidade dos dados pessoais<\/h2>\n<p>Al\u00e9m das finalidades acima descritas, os dados recolhidos destinam-se, de uma forma geral, a\u0300 gesta\u0303o da relac\u0327a\u0303o comercial, a\u0300 adequac\u0327a\u0303o dos nossos produtos ou servi\u00e7os a\u0300s suas necessidades e interesses, e ao envio de novidades comerciais ou de outro teor que possa interessar-lhe.<\/p>\n<h2 class=\"wp-block-heading\">5. Seguran\u00e7a dos dados pessoais\u00a0<\/h2>\n<p>A Trax Shuttle Services compromete-se a tratar apenas os dados pessoais que sejam estritamente necess\u00e1rios \u00e0 execu\u00e7\u00e3o das finalidades acima descritas, e envidar\u00e1 todos os esfor\u00e7os para garantir a seguran\u00e7a e a prote\u00e7\u00e3o dos dados pessoais, incluindo medidas administrativas e t\u00e9cnicas para impedir o acesso aos seus dados, a sua utiliza\u00e7\u00e3o indevida, ou a sua divulga\u00e7\u00e3o n\u00e3o autorizada.<\/p>\n<h2 class=\"wp-block-heading\">6. Tempo de conserva\u00e7\u00e3o dos dados pessoais<\/h2>\n<p>Para a comercializac\u0327a\u0303o de produtos e servi\u00e7os, os seus dados pessoais ser\u00e3o conservados ate\u0301 que seja retirado o consentimento, dentro dos limites legais. Para outras finalidades, a Trax conservar\u00e1 os seus dados pessoais durante o peri\u0301odo necessa\u0301rio para cumprir a finalidade para a qual tiverem sido recolhidos, ap\u00f3s o qual os seus dados pessoais sera\u0303o eliminados. Poder\u00e3o existir requisitos legais ou fiscais que obriguem a conservar certos dados pessoais por algum peri\u0301odo de tempo. Nesses casos, tratando-se de uma obriga\u00e7\u00e3o legal ou fiscal, a Trax tera\u0301 de respeitar esse peri\u0301odo mi\u0301nimo de conservac\u0327a\u0303o.<\/p>\n<p>Terminado o prazo m\u00e1ximo de conserva\u00e7\u00e3o, a Trax compromete-se a eliminar, destruir ou anonimizar os seus dados pessoais.<\/p>\n<h2 class=\"wp-block-heading\">7. Partilha dos dados pessoais\u00a0<\/h2>\n<p>Na Trax, te\u0302m acesso aos seus dados pessoais os colaboradores que deles necessitam para cumprir as dilig\u00eancias comerciais ou legais necess\u00e1rias.<\/p>\n<p>Caso os dados pessoais sejam tratados por outras entidades para assegurar a presta\u00e7\u00e3o do servi\u00e7o, a Trax exigir\u00e1 a tais entidades o mesmo n\u00edvel de privacidade e seguran\u00e7a quanto aos seus dados pessoais.<\/p>\n<p>Para o estrito cumprimento de obrigac\u0327o\u0303es legais ou fiscais, os seus dados pessoais podera\u0303o ser transmitidos a outras entidades, por exemplo tribunais ou organismos pu\u0301blicos.<\/p>\n<p>A Trax n\u00e3o partilha, em caso algum, os seus dados pessoais com outras empresas ou marcas para outros fins comerciais.<\/p>\n<h2 class=\"wp-block-heading\">8. Consentimento dos dados pessoais<\/h2>\n<p>Nos termos da lei, e\u0301 garantido ao titular dos dados o direito de acesso, retificac\u0327a\u0303o, limitac\u0327a\u0303o ou oposic\u0327a\u0303o ao tratamento, portabilidade ou esquecimento dos seus dados pessoais. O exerci\u0301cio destes direitos podera\u0301 estar sujeito a limitac\u0327o\u0303es previstas nos termos da lei.<\/p>\n<p>Para exercer qualquer um destes direitos, basta enviar-nos o seu pedido atrav\u00e9s do nosso email indicado acima.<\/p>\n<p>A Trax analisar\u00e1 cuidadosamente o seu pedido, comprometendo-se a dar resposta em tempo oportuno.<\/p>\n<h2 class=\"wp-block-heading\">9. Autoridade competente<\/h2>\n<p>Ter\u00e1 tamb\u00e9m sempre o direito de apresentar reclamac\u0327a\u0303o junto da autoridade competente:<\/p>\n<p>Comissa\u0303o Nacional de Protec\u0327a\u0303o de Dados \u2013 CNPD \u2013 http:\/\/www.cnpd.pt <a href=\"http:\/\/www.cnpd.pt\">http:\/\/www.cnpd.pt<\/a>.<\/p>\n<h2 class=\"wp-block-heading\">10. Cookies<\/h2>\n<p>Cookies s\u00e3o pequenos ficheiros ou pacotes de dados trocados entre o site e o seu browser (navegador). Este site pode usar v\u00e1rios tipos de cookies:<\/p>\n<p>Cookies de sess\u00e3o: s\u00e3o cookies tempor\u00e1rios, que n\u00e3o ficam guardados no computador ap\u00f3s sair do site, e que servem para analisar padr\u00f5es de tr\u00e1fego, permitindo-nos melhorar o conte\u00fado e a usabilidade do site.<\/p>\n<p>Cookies anal\u00edticos: s\u00e3o utilizados anonimamente para efeitos estat\u00edsticos, sendo tratados por n\u00f3s ou por terceiros, com o objetivo de analisar padr\u00f5es de navega\u00e7\u00e3o no site, e melhorar o fornecimento de produtos ou servi\u00e7os.<\/p>\n<p>Cookies funcionais: guardam prefer\u00eancias do utilizador relativamente \u00e0 utiliza\u00e7\u00e3o do site.<\/p>\n<p>Cookies publicit\u00e1rios: direccionam a publicidade em fun\u00e7\u00e3o dos interesses do utilizador, ajudando a medir a sua efic\u00e1cia, evitando a exibi\u00e7\u00e3o de an\u00fancios duplicados, etc.<\/p>\n<h2 class=\"wp-block-heading\">11. Gest\u00e3o de cookies<\/h2>\n<p>Os browsers (navegadores) permitem ao utilizador aceitar, recusar ou apagar cookies atrav\u00e9s das suas defini\u00e7\u00f5es avan\u00e7adas. \u00c9 geralmente poss\u00edvel geri-las no menu \u201cOp\u00e7\u00f5es\u201d ou \u201cPrefer\u00eancias\u201d.<\/p>\n<p>Tenha em conta que ao desativar os cookies pode impedir que algumas p\u00e1ginas ou servi\u00e7os do site funcionem corretamente.<\/p>\n<h2 class=\"wp-block-heading\">12. Atualiza\u00e7\u00e3o desta Pol\u00edtica de Privacidade<\/h2>\n<p>A presente Pol\u00edtica de Privacidade pode ser revista e atualizada a qualquer altura, estando a \u00faltima vers\u00e3o sempre publicada no nosso site.<\/p>\t\t\t\t\t\t<\/div>\n\t\t\t\t<\/div>\n\t\t\t\t\t<\/div>\n\t\t<\/div>\n\t\t\t\t\t<\/div>\n\t\t<\/section>\n\t\t\t\t<\/div>","protected":false},"excerpt":{"rendered":"<p>A presente Pol\u00edtica de Privacidade estabelece o compromisso da Trax para com os seus clientes ou visitantes no que diz respeito \u00e0 prote\u00e7\u00e3o dos dados pessoais, informando-os do tratamento que realiza dos seus dados, bem como dos direitos que reconhece como titulares dos dados, no cumprimento \u2026 <a href=\"https:\/\/trax.services\/pt\/privacy-policy\/\">consulte Mais informa\u00e7\u00e3o<\/a><\/p>","protected":false},"author":1,"featured_media":0,"parent":0,"menu_order":0,"comment_status":"closed","ping_status":"open","template":"","meta":{"footnotes":""},"class_list":["post-3","page","type-page","status-publish","hentry"],"_links":{"self":[{"href":"https:\/\/trax.services\/pt\/wp-json\/wp\/v2\/pages\/3","targetHints":{"allow":["GET"]}}],"collection":[{"href":"https:\/\/trax.services\/pt\/wp-json\/wp\/v2\/pages"}],"about":[{"href":"https:\/\/trax.services\/pt\/wp-json\/wp\/v2\/types\/page"}],"author":[{"embeddable":true,"href":"https:\/\/trax.services\/pt\/wp-json\/wp\/v2\/users\/1"}],"replies":[{"embeddable":true,"href":"https:\/\/trax.services\/pt\/wp-json\/wp\/v2\/comments?post=3"}],"version-history":[{"count":9,"href":"https:\/\/trax.services\/pt\/wp-json\/wp\/v2\/pages\/3\/revisions"}],"predecessor-version":[{"id":607,"href":"https:\/\/trax.services\/pt\/wp-json\/wp\/v2\/pages\/3\/revisions\/607"}],"wp:attachment":[{"href":"https:\/\/trax.services\/pt\/wp-json\/wp\/v2\/media?parent=3"}],"curies":[{"name":"wp","href":"https:\/\/api.w.org\/{rel}","templated":true}]}}